    {"id":13889,"date":"2019-08-22T09:03:02","date_gmt":"2019-08-22T07:03:02","guid":{"rendered":"https:\/\/www.vin-alsace-gueth.com\/politique-confidentialite\/"},"modified":"2024-04-15T17:38:56","modified_gmt":"2024-04-15T15:38:56","slug":"datenschutz-bestimmungen","status":"publish","type":"page","link":"https:\/\/www.vin-alsace-gueth.com\/de\/datenschutz-bestimmungen\/","title":{"rendered":"Datenschutz-Bestimmungen"},"content":{"rendered":"\n<h4 class=\"wp-block-heading\"><span style=\"color: #333333;\"><strong>1. Pr\u00e4ambel<\/strong><\/span><\/h4>\n\n\n\n<p><span style=\"color: #333333;\">Der Zweck dieser Datenschutzrichtlinie besteht darin, die Benutzer der Website zu entlarven :<\/span><br><span style=\"color: #333333;\">\u2022 Die Art und Weise, wie ihre personenbezogenen Daten erhoben und verarbeitet werden. Alle Daten, die einen Nutzer identifizieren k\u00f6nnen, sind als personenbezogene Daten zu betrachten. Dazu geh\u00f6ren Vor- und Nachname, Alter, Postanschrift, E-Mail-Adresse, Standort des Nutzers oder seine IP-Adresse;<\/span><br><span style=\"color: #333333;\">\u2022 Welche Rechte haben die Nutzer in Bezug auf diese Daten;<\/span><br><span style=\"color: #333333;\">\u2022 Wer ist f\u00fcr die Verarbeitung der erhobenen und verarbeiteten personenbezogenen Daten verantwortlich;<\/span><br><span style=\"color: #333333;\">\u2022 An wen diese Daten \u00fcbermittelt werden;<\/span><br><span style=\"color: #333333;\">\u2022 M\u00f6glicherweise die Richtlinien der Website in Bezug auf &#8222;Cookies&#8220; -Dateien.<\/span><\/p>\n\n\n\n<p><span style=\"color: #333333;\">Diese Datenschutzerkl\u00e4rung erg\u00e4nzt die rechtlichen Hinweise und die Allgemeinen Verkaufsbedingungen, die die Benutzer unter der nachstehenden Adresse einsehen k\u00f6nnen :<\/span><br><span style=\"color: #333333;\">https:\/\/www.vin-alsace-gueth.com\/CGV\/<\/span><\/p>\n\n\n\n<p><span style=\"color: #333333;\">Es entspricht auch der &#8222;Allgemeinen Datenschutzverordnung &#8211; RGPD&#8220;, ver\u00f6ffentlicht von der CNIL.<\/span><\/p>\n\n\n\n<div style=\"height:50px\" aria-hidden=\"true\" class=\"wp-block-spacer\"><\/div>\n\n\n\n<h4 class=\"wp-block-heading\"><span style=\"color: #333333;\"><strong>2. Allgemeine Grunds\u00e4tze der Datenerhebung und -verarbeitung<\/strong><\/span><\/h4>\n\n\n\n<p>Gem\u00e4\u00df den Bestimmungen von Artikel 5 der Europ\u00e4ischen Verordnung 2016\/679 entsprechen die Erhebung und Verarbeitung von Daten von Benutzern der Website den folgenden Grunds\u00e4tzen :<br><span style=\"color: #333333;\">\u2022 Rechtm\u00e4\u00dfigkeit, Loyalit\u00e4t und Transparenz: Daten k\u00f6nnen nur mit Zustimmung des Benutzers, dem die Daten geh\u00f6ren, erhoben und verarbeitet werden. Immer wenn personenbezogene Daten erhoben werden, wird der Nutzer dar\u00fcber informiert, dass seine Daten erhoben werden und zu welchen Zwecken sie erhoben werden;<\/span><br><span style=\"color: #333333;\">\u2022 Begrenzte Zwecke: Die Erhebung und Verarbeitung von Daten erfolgt zur Erf\u00fcllung eines oder mehrerer in diesen allgemeinen Nutzungsbedingungen festgelegten Ziele<\/span><br><span style=\"color: #333333;\">\u2022 Minimierung der Datenerhebung und -verarbeitung: Es werden nur die Daten erhoben, die f\u00fcr die ordnungsgem\u00e4\u00dfe Durchf\u00fchrung der von der Website verfolgten Ziele erforderlich sind;<\/span><br><span style=\"color: #333333;\">\u2022 Zeitlich verk\u00fcrzte Aufbewahrung von Daten: Die Daten werden f\u00fcr einen begrenzten Zeitraum aufbewahrt, \u00fcber den der Benutzer informiert wird. Wenn diese Informationen nicht \u00fcbermittelt werden k\u00f6nnen, wird der Benutzer \u00fcber die Kriterien informiert, die zur Bestimmung der Aufbewahrungsfrist verwendet wurden;<\/span><br><span style=\"color: #333333;\">\u2022 Integrit\u00e4t und Vertraulichkeit der erhobenen und verarbeiteten Daten: Der Datenverantwortliche verpflichtet sich, die Integrit\u00e4t und Vertraulichkeit der erhobenen Daten zu gew\u00e4hrleisten.<br><\/span><\/p>\n\n\n\n<p><span style=\"color: #333333;\">Aus Gr\u00fcnden der Rechtm\u00e4\u00dfigkeit und in \u00dcbereinstimmung mit den Anforderungen von Artikel 6 der Europ\u00e4ischen Verordnung 2016\/679 darf die Erhebung und Verarbeitung personenbezogener Daten nur erfolgen, wenn sie mindestens eine der unten aufgef\u00fchrten Bedingungen erf\u00fcllen :<\/span><br><span style=\"color: #333333;\">\u2022 Der Nutzer hat der Verarbeitung ausdr\u00fccklich zugestimmt;<\/span><br><span style=\"color: #333333;\">\u2022 Die Verarbeitung ist zur ordnungsgem\u00e4\u00dfen Vertragserf\u00fcllung erforderlich;<\/span><br><span style=\"color: #333333;\">\u2022 Die Verarbeitung erf\u00fcllt eine rechtliche Verpflichtung;<\/span><br><span style=\"color: #333333;\">\u2022 Die Verarbeitung wird durch eine Notwendigkeit zum Schutz lebenswichtiger Interessen der betroffenen Person oder einer anderen nat\u00fcrlichen Person erkl\u00e4rt;<\/span><br><span style=\"color: #333333;\">\u2022 Die Verarbeitung kann durch einen Bedarf im Zusammenhang mit der Wahrnehmung einer Aufgabe von \u00f6ffentlichem Interesse oder der Aus\u00fcbung \u00f6ffentlicher Gewalt erkl\u00e4rt werden;<\/span><br><span style=\"color: #333333;\">\u2022 Die Verarbeitung und Erhebung personenbezogener Daten ist zur Wahrung berechtigter und privater Interessen des Verantwortlichen oder eines Dritten erforderlich.<\/span><\/p>\n\n\n\n<div style=\"height:50px\" aria-hidden=\"true\" class=\"wp-block-spacer\"><\/div>\n\n\n\n<h4 class=\"wp-block-heading\"><span style=\"color: #333333;\"><strong>3. Personenbezogene Daten, die im Rahmen des Surfens auf der Website erhoben und verarbeitet werden<\/strong><\/span><\/h4>\n\n\n\n<h5 class=\"wp-block-heading\"><span style=\"color: #333333;\"><strong>3.1. Erhobene und verarbeitete Daten und Art der Erhebung<\/strong><\/span><\/h5>\n\n\n\n<p><span style=\"color: #333333;\">Die auf der Website erhobenen personenbezogenen Daten lauten wie folgt :<\/span><br><span style=\"color: #333333;\">\u2022 Vorname, <\/span>Nachname<br><span style=\"color: #333333;\">\u2022 Geburtsdatum<\/span><br><span style=\"color: #333333;\">\u2022 E-Mail-Adresse<\/span><br><span style=\"color: #333333;\">\u2022 Phone<\/span><br><span style=\"color: #333333;\">\u2022 Adresse<\/span><br><span style=\"color: #333333;\">\u2022 Standort und IP<\/span><br><span style=\"color: #333333;\">\u2022 Bankdaten<br><\/span><\/p>\n\n\n\n<p><span style=\"color: #333333;\">Diese Daten werden gesammelt, wenn der Benutzer einen der folgenden Vorg\u00e4nge auf der Website ausf\u00fchrt :<\/span><br><span style=\"color: #333333;\">\u2022 Wenn der Benutzer ein Konto erstellt;<\/span><br><span style=\"color: #333333;\">\u2022 Wenn der Benutzer auf der Website einen Kauf t\u00e4tigt;<\/span><br><span style=\"color: #333333;\">\u2022 Wenn sich der Benutzer mit seinem pers\u00f6nlichen Konto verbindet;<br><\/span><\/p>\n\n\n\n<p><span style=\"color: #333333;\">Dar\u00fcber hinaus wird beim Bezahlen auf der Website der Transaktionsnachweis in den Computersystemen des Website-Editors gespeichert.<\/span><\/p>\n\n\n\n<p><span style=\"color: #333333;\">Der Datenverantwortliche bewahrt alle in den Computersystemen seiner Site gesammelten Daten und unter angemessenen Sicherheitsbedingungen f\u00fcr einen Zeitraum von 5 Jahren auf.<\/span><\/p>\n\n\n\n<p><span style=\"color: #333333;\">Die Erhebung und Verarbeitung von Daten dient folgenden Zwecken :<\/span><br><span style=\"color: #333333;\">\u2022 Das Unternehmen erhebt und verwendet die personenbezogenen Daten der Benutzer gem\u00e4\u00df den geltenden Vorschriften, um ihre Bestellungen auf der Website zu verwalten, Newsletter zu verwalten, wenn die Benutzer sie abonnieren, zu Marketingzwecken, jedoch nur mit deren Zustimmung, zum Zwecke von Analyse des Nutzerverhaltens oder sogar um Anfragen von Nutzern \u00fcber das Kontaktformular zu verwalten.<\/span><br><span style=\"color: #333333;\">\u2022 Die erhobenen Daten k\u00f6nnen von der Gesellschaft zu Prospektionszwecken, insbesondere zu kommerziellen Zwecken, verarbeitet werden..<\/span><\/p>\n\n\n\n<p><span style=\"color: #333333;\">Das Unternehmen sammelt keine personenbezogenen Daten von Minderj\u00e4hrigen.<\/span><\/p>\n\n\n\n<div style=\"height:25px\" aria-hidden=\"true\" class=\"wp-block-spacer\"><\/div>\n\n\n\n<h5 class=\"wp-block-heading\"><span style=\"color: #333333;\"><strong>3.2. Daten\u00fcbermittlung an Dritte<\/strong><\/span><\/h5>\n\n\n\n<p><span style=\"color: #333333;\">Die von der Site erhobenen personenbezogenen Daten werden nicht an Dritte weitergegeben und nur vom Site-Editor verarbeitet..<\/span><\/p>\n\n\n\n<div style=\"height:25px\" aria-hidden=\"true\" class=\"wp-block-spacer\"><\/div>\n\n\n\n<h5 class=\"wp-block-heading\"><span style=\"color: #333333;\"><strong>3.3. Datenhosting<\/strong><\/span><\/h5>\n\n\n\n<p><span style=\"color: #333333;\">Die Website vin-alsace-gueth.com wird gehostet von: HOSTINGER, deren Hauptsitz sich unter folgender:<\/span><br>Hostinger, UAB<br>Jonavos g. 60C, 44192<br>Kaunas, Lithuania<br><meta charset=\"utf-8\"><span style=\"color: #333333;\">Der Gastgeber kann \u00fcber seine Website kontaktiert werden: <a href=\"https:\/\/www.hostinger.fr\/contact\" target=\"_blank\" rel=\"noopener\">https:\/\/www.hostinger.fr\/contact<\/a><\/span><\/p>\n\n\n\n<div style=\"height:50px\" aria-hidden=\"true\" class=\"wp-block-spacer\"><\/div>\n\n\n\n<h4 class=\"wp-block-heading\"><span style=\"color: #333333;\"><strong>4. Datenverantwortlicher und Datenschutzbeauftragter<\/strong><\/span><\/h4>\n\n\n\n<h5 class=\"wp-block-heading\"><span style=\"color: #333333;\"><strong>4.1. Der Datenverantwortliche<\/strong><\/span><\/h5>\n\n\n\n<p><span style=\"color: #333333;\">Verantwortlicher f\u00fcr die Verarbeitung personenbezogener Daten ist: Muriel GUETH &#8211; BIECHY. Er ist wie folgt zu erreichen :<\/span><br><span style=\"color: #333333;\">Telefonisch unter 06.08.26.43.34, Montag bis Freitag von 9:00 bis 12:00 Uhr und von 14:00 bis 18:00 Uhr.<\/span><br><span style=\"color: #333333;\">Per E-Mail: cave@vin-alsace-gueth.com<\/span><br><span style=\"color: #333333;\">Der Verantwortliche ist f\u00fcr die Bestimmung der Zwecke und Mittel der Verarbeitung personenbezogener Daten verantwortlich.<\/span><\/p>\n\n\n\n<div style=\"height:25px\" aria-hidden=\"true\" class=\"wp-block-spacer\"><\/div>\n\n\n\n<h5 class=\"wp-block-heading\"><span style=\"color: #333333;\"><strong>4.2. Pflichten des Datenverantwortlichen<\/strong><\/span><\/h5>\n\n\n\n<p><span style=\"color: #333333;\">Der Verantwortliche verpflichtet sich, die erhobenen personenbezogenen Daten zu sch\u00fctzen, sie nicht ohne vorherige Information des Nutzers an Dritte weiterzugeben und die Zwecke, f\u00fcr die diese Daten erhoben wurden, zu respektieren.<\/span><br><span style=\"color: #333333;\">Die Site verf\u00fcgt \u00fcber ein SSL-Zertifikat, um sicherzustellen, dass die Informationen und die \u00dcbertragung von Daten, die die Site passieren, sicher sind.<\/span><br><span style=\"color: #333333;\">Ein SSL-Zertifikat (\u201eSecure Socket Layer\u201c-Zertifikat) soll die zwischen dem Nutzer und der Site ausgetauschten Daten sichern.<br>Dar\u00fcber hinaus verpflichtet sich der Verantwortliche, den Nutzer im Falle der Berichtigung oder L\u00f6schung der Daten zu benachrichtigen, es sei denn, dies ist f\u00fcr ihn mit unverh\u00e4ltnism\u00e4\u00dfigen Formalit\u00e4ten, Kosten und Verfahren verbunden.<\/span><br><span style=\"color: #333333;\">F\u00fcr den Fall, dass die Integrit\u00e4t, Vertraulichkeit oder Sicherheit der personenbezogenen Daten des Benutzers gef\u00e4hrdet ist, verpflichtet sich der Datenverantwortliche, den Benutzer auf jede Weise zu informieren.<\/span><\/p>\n\n\n\n<div style=\"height:25px\" aria-hidden=\"true\" class=\"wp-block-spacer\"><\/div>\n\n\n\n<h5 class=\"wp-block-heading\"><span style=\"color: #333333;\"><strong>4.3. Der Datenschutzbeauftragte<\/strong><\/span><\/h5>\n\n\n\n<p><span style=\"color: #333333;\">Dar\u00fcber hinaus wird der Nutzer dar\u00fcber informiert, dass folgende Person zum Datenschutzbeauftragten bestellt wurde: Muriel GUETH &#8211; BIECHY.<\/span><br><span style=\"color: #333333;\">Die Aufgabe des Datenschutzbeauftragten besteht darin, die ordnungsgem\u00e4\u00dfe Umsetzung nationaler und supranationaler Vorschriften zur Erhebung und Verarbeitung personenbezogener Daten sicherzustellen. Es wird manchmal als DPO (f\u00fcr Datenschutzbeauftragter) bezeichnet.<\/span><br><span style=\"color: #333333;\">Der Datenschutzbeauftragte ist wie folgt zu erreichen :<\/span><br><span style=\"color: #333333;\">&#8211; Telefonisch unter 06.08.26.43.34, Montag bis Freitag von 9 bis 12 Uhr und von 14 bis 18 Uhr..<\/span><br><span style=\"color: #333333;\">&#8211; Per E-Mail: cave@vin-alsace-gueth.com.<\/span><\/p>\n\n\n\n<div style=\"height:50px\" aria-hidden=\"true\" class=\"wp-block-spacer\"><\/div>\n\n\n\n<h4 class=\"wp-block-heading\"><span style=\"color: #333333;\"><strong>5. Nutzerrechte<\/strong><\/span><\/h4>\n\n\n\n<p><span style=\"color: #333333;\">Der Nutzer hat nach Ma\u00dfgabe der Vorschriften \u00fcber die Verarbeitung personenbezogener Daten die nachfolgend aufgef\u00fchrten Rechte.<\/span><\/p>\n\n\n\n<p><span style=\"color: #333333;\">Damit der Verantwortliche seiner Anfrage nachkommen kann, muss der Benutzer ihm Folgendes mitteilen: seinen Vor- und Nachnamen sowie seine E-Mail-Adresse und gegebenenfalls seine Konto- oder pers\u00f6nliche Bereichsnummer oder Abonnent. Der Verantwortliche muss dem Nutzer innerhalb von maximal 30 (drei\u00dfig) Tagen antworten.<\/span><\/p>\n\n\n\n<div style=\"height:25px\" aria-hidden=\"true\" class=\"wp-block-spacer\"><\/div>\n\n\n\n<h5 class=\"wp-block-heading\"><span style=\"color: #333333;\"><strong>5.1. Auskunfts-, Berichtigungs- und L\u00f6schungsrecht<\/strong><\/span><\/h5>\n\n\n\n<p><span style=\"color: #333333;\">Der Benutzer kann die ihn betreffenden Daten lesen, aktualisieren, \u00e4ndern oder deren L\u00f6schung verlangen, indem er das unten beschriebene Verfahren einh\u00e4lt :<\/span><br>Der Benutzer muss eine E-Mail an den Personal Data Manager unter Verwendung der oben angegebenen Kontakt-E-Mail-Adresse senden: Er gibt den Betreff seiner Anfrage an. Die Anfrage wird innerhalb von maximal 10 Werktagen bearbeitet.<\/p>\n\n\n\n<p><span style=\"color: #333333;\">Wenn er einen hat, hat der Benutzer das Recht, die L\u00f6schung seines pers\u00f6nlichen Bereichs zu verlangen, indem er folgendem Verfahren folgt:<br>Der Benutzer muss unter Verwendung der oben angegebenen Kontakt-E-Mail-Adresse eine E-Mail an den Personal Data Manager senden: Er muss die Verbindungskennung des pers\u00f6nlichen Bereichs angeben, den er l\u00f6schen m\u00f6chte. Der Antrag auf L\u00f6schung der Daten wird innerhalb von maximal 10 Werktagen bearbeitet.<\/span><\/p>\n\n\n\n<div style=\"height:25px\" aria-hidden=\"true\" class=\"wp-block-spacer\"><\/div>\n\n\n\n<h5 class=\"wp-block-heading\"><span style=\"color: #333333;\"><strong>5.2. Recht auf Daten\u00fcbertragbarkeit<\/strong><\/span><\/h5>\n\n\n\n<p><span style=\"color: #333333;\">Der Benutzer hat das Recht, die \u00dcbertragbarkeit seiner personenbezogenen Daten, die auf der Website gespeichert sind, auf eine andere Website zu beantragen, indem er das folgende Verfahren einh\u00e4lt :<\/span><br><span style=\"color: #333333;\">Unzutreffend.<\/span><\/p>\n\n\n\n<div style=\"height:25px\" aria-hidden=\"true\" class=\"wp-block-spacer\"><\/div>\n\n\n\n<h5 class=\"wp-block-heading\"><span style=\"color: #333333;\"><strong>5.3. Recht auf Einschr\u00e4nkung und Widerspruch der Datenverarbeitung<\/strong><\/span><\/h5>\n\n\n\n<p><span style=\"color: #333333;\">Der Benutzer hat das Recht, die Einschr\u00e4nkung oder Ablehnung der Verarbeitung seiner Daten durch die Website zu verlangen, ohne dass die Website dies ablehnen kann, es sei denn, es liegen berechtigte und zwingende Gr\u00fcnde vor, die gegen\u00fcber den Interessen und Benutzerrechten \u00fcberwiegen k\u00f6nnen und Freiheiten.<\/span><\/p>\n\n\n\n<p><span style=\"color: #333333;\">Afin de demander la limitation du traitement de ses donn\u00e9es ou de formuler une opposition au traitement de ses donn\u00e9es, l&#8217;utilisateur doit suivre la proc\u00e9dure suivanteUm die Einschr\u00e4nkung der Verarbeitung seiner Daten zu verlangen oder einen Widerspruch gegen die Verarbeitung seiner Daten zu formulieren, muss der Nutzer das folgende Verfahren befolgen :<\/span><br><span style=\"color: #333333;\">Der Benutzer muss unter Verwendung der oben angegebenen Kontakt-E-Mail-Adresse einen Antrag auf Einschr\u00e4nkung seiner personenbezogenen Daten an die Person stellen, die f\u00fcr die Verarbeitung personenbezogener Daten verantwortlich ist. Die Anfrage wird innerhalb von maximal 10 Werktagen bearbeitet.<\/span><\/p>\n\n\n\n<div style=\"height:25px\" aria-hidden=\"true\" class=\"wp-block-spacer\"><\/div>\n\n\n\n<h5 class=\"wp-block-heading\"><span style=\"color: #333333;\"><strong>5.4. Recht, nicht Gegenstand einer ausschlie\u00dflich auf einem automatisierten Verfahren beruhenden Entscheidung zu sein<\/strong><\/span><\/h5>\n\n\n\n<p><span style=\"color: #333333;\">Gem\u00e4\u00df den Bestimmungen der Verordnung 2016\/679 hat der Nutzer das Recht, nicht Gegenstand einer ausschlie\u00dflich auf einem automatisierten Verfahren beruhenden Entscheidung zu werden, wenn die Entscheidung ihm gegen\u00fcber rechtliche Wirkung entfaltet oder ihn erheblich beeintr\u00e4chtigt.<\/span><\/p>\n\n\n\n<h5 class=\"wp-block-heading\"><span style=\"color: #333333;\"><strong>5.5. Recht, das Schicksal von Daten nach dem Tod zu bestimmen<br><\/strong><\/span><\/h5>\n\n\n\n<p><span style=\"color: #333333;\">Der Benutzer wird daran erinnert, dass er gem\u00e4\u00df dem Gesetz Nr. 2016-1321 vom 7. Oktober 2016 das Schicksal seiner gesammelten und verarbeiteten Daten nach seinem Tod selbst bestimmen kann.<\/span><\/p>\n\n\n\n<h5 class=\"wp-block-heading\"><span style=\"color: #333333;\"><strong>5.6. Recht auf Anruf bei der zust\u00e4ndigen Aufsichtsbeh\u00f6rde<br><\/strong><\/span><\/h5>\n\n\n\n<p><span style=\"color: #333333;\">F\u00fcr den Fall, dass der f\u00fcr die Verarbeitung Verantwortliche beschlie\u00dft, die Anfrage des Nutzers nicht zu beantworten, und der Nutzer diese Entscheidung anfechten m\u00f6chte oder, wenn er der Ansicht ist, dass eines der oben aufgef\u00fchrten Rechte zutrifft, ist er berechtigt, bei der CNIL (Commission Nationale de l&#8217;Informatique et des Libert\u00e9s, https:\/\/www.cnil.fr) oder einem zust\u00e4ndigen Richter.<\/span><\/p>\n\n\n\n<div style=\"height:50px\" aria-hidden=\"true\" class=\"wp-block-spacer\"><\/div>\n\n\n\n<h4 class=\"wp-block-heading\"><span style=\"color: #333333;\"><strong>6. Verwendung von \u201eCookies\u201c-Dateien<\/strong><\/span><\/h4>\n\n\n\n<p><span style=\"color: #333333;\">Die Website kann \u201eCookies\u201c-Techniken verwenden.<br>Ein \u201eCookie\u201c ist eine kleine Datei (weniger als 4 KB), die von der Website auf der Festplatte des Benutzers gespeichert wird und Informationen \u00fcber die Surfgewohnheiten des Benutzers enth\u00e4lt.<br>Diese Dateien erm\u00f6glichen es, Statistiken und Verkehrsinformationen zu verarbeiten, die Navigation zu erleichtern und den Service f\u00fcr den Benutzer zu verbessern.<br>F\u00fcr die Verwendung von \u201eCookie\u201c-Dateien mit der Speicherung und Analyse personenbezogener Daten ist zwingend die Einwilligung des Nutzers einzuholen.<br>Diese Einwilligung des Nutzers gilt f\u00fcr einen Zeitraum von maximal 13 (dreizehn) Monaten. Am Ende dieses Zeitraums wird die Site den Benutzer erneut um die Erlaubnis bitten, &#8222;Cookie&#8220;-Dateien auf seiner Festplatte zu speichern.<\/span><\/p>\n\n\n\n<div style=\"height:25px\" aria-hidden=\"true\" class=\"wp-block-spacer\"><\/div>\n\n\n\n<h5 class=\"wp-block-heading\"><span style=\"color: #333333;\"><strong>6.1. Widerspruch des Nutzers gegen die Verwendung von \u201eCookie\u201c-Dateien durch die Website<\/strong><\/span><\/h5>\n\n\n\n<p><span style=\"color: #333333;\">Il est port\u00e9 \u00e0 la connaissance de l&#8217;utilisateur qu&#8217;il peut s&#8217;opposer \u00e0 l&#8217;enregistrement de ces fichiers &#8222;cookies&#8220; en configurant son logiciel de navigation.<\/span><br><span style=\"color: #333333;\">Dans le cas o\u00f9 l&#8217;utilisateur d\u00e9cide de d\u00e9sactiver les fichiers &#8222;cookies&#8220;, il pourra poursuivre sa navigation sur le site. Toutefois, tout dysfonctionnement du site provoqu\u00e9 par cette manipulation ne pourrait \u00eatre consid\u00e9r\u00e9 comme \u00e9tant du fait de l&#8217;\u00e9diteur du site.<\/span><\/p>\n\n\n\n<div style=\"height:25px\" aria-hidden=\"true\" class=\"wp-block-spacer\"><\/div>\n\n\n\n<h5 class=\"wp-block-heading\"><span style=\"color: #333333;\"><strong>6.2. Beschreibung der von der Site verwendeten &#8222;Cookies&#8220;-Dateien<\/strong><\/span><\/h5>\n\n\n\n<p><span style=\"color: #333333;\">Wesentlich: Einige Cookies sind unerl\u00e4sslich, damit Sie alle Funktionen unserer Website nutzen k\u00f6nnen. Sie erm\u00f6glichen es uns, Benutzersitzungen aufrechtzuerhalten und Sicherheitsbedrohungen zu verhindern. Sie sammeln oder speichern keine personenbezogenen Daten. Mit diesen Cookies k\u00f6nnen Sie sich beispielsweise in Ihr Konto einloggen, Produkte in Ihren Warenkorb legen und sicher bestellen.<\/span><\/p>\n\n\n\n<p><span style=\"color: #333333;\">Statistik: Diese Cookies speichern Informationen wie die Anzahl der Besucher der Website, die Anzahl der einzelnen Besucher, die besuchten Seiten der Website, die Quelle des Besuchs usw. Diese Daten helfen uns, die Leistung der Website zu verstehen und zu analysieren. und wo es verbesserungsw\u00fcrdig ist.<\/span><\/p>\n\n\n\n<p><span style=\"color: #333333;\">Marketing: Auf unserer Website werden Anzeigen geschaltet. Diese Cookies werden verwendet, um die Werbung, die wir Ihnen zeigen, so zu personalisieren, dass sie f\u00fcr Sie von Bedeutung ist. Diese Cookies helfen uns auch, die Wirksamkeit dieser Werbekampagnen zu verfolgen.<\/span><\/p>\n\n\n\n<p><span style=\"color: #333333;\">Die in diesen Cookies gespeicherten Informationen k\u00f6nnen auch von Werbe-Drittanbietern verwendet werden, um Ihnen auch Werbung auf anderen Websites im Browser anzuzeigen.<\/span><\/p>\n\n\n\n<p><span style=\"color: #333333;\">Funktional: Dies sind Cookies, die bestimmte nicht wesentliche Funktionen unserer Website unterst\u00fctzen. Zu diesen Funktionen geh\u00f6ren das Einbetten von Inhalten wie Videos oder das Teilen von Website-Inhalten auf Social-Media-Plattformen.<\/span><\/p>\n\n\n\n<p><span style=\"color: #333333;\">Pr\u00e4ferenzen: Diese Cookies helfen uns, Ihre Einstellungen und Browser-Pr\u00e4ferenzen, wie z.<\/span><\/p>\n\n\n\n<div style=\"height:50px\" aria-hidden=\"true\" class=\"wp-block-spacer\"><\/div>\n\n\n\n<h4 class=\"wp-block-heading\"><span style=\"color: #333333;\"><strong>7. Bedingungen f\u00fcr die \u00c4nderung der Datenschutzerkl\u00e4rung<\/strong><\/span><\/h4>\n\n\n\n<p><span style=\"color: #333333;\">Der Herausgeber der Website beh\u00e4lt sich das Recht vor, sie zu \u00e4ndern, um ihre \u00dcbereinstimmung mit dem geltenden Recht zu gew\u00e4hrleisten.<br>Daher wird der Benutzer gebeten, diese Datenschutzrichtlinie regelm\u00e4\u00dfig zu konsultieren, um \u00fcber die neuesten \u00c4nderungen informiert zu bleiben.<br>Der Nutzer wird dar\u00fcber informiert, dass die letzte Aktualisierung dieser Datenschutzerkl\u00e4rung am: 06.05.2020 erfolgte.<\/span><\/p>\n\n\n\n<div style=\"height:50px\" aria-hidden=\"true\" class=\"wp-block-spacer\"><\/div>\n\n\n\n<h4 class=\"wp-block-heading\"><span style=\"color: #333333;\"><strong>8. Zustimmung<\/strong><\/span><\/h4>\n\n\n\n<p><span style=\"color: #333333;\">Durch die Nutzung unserer Seite stimmen Sie unserer Datenschutzerkl\u00e4rung zu.<\/span><\/p>\n","protected":false},"excerpt":{"rendered":"<p>1. Pr\u00e4ambel Der Zweck dieser Datenschutzrichtlinie besteht darin, die Benutzer der Website zu entlarven :\u2022 Die Art und Weise, wie ihre personenbezogenen Daten erhoben und verarbeitet werden. Alle Daten, die einen Nutzer identifizieren k\u00f6nnen, sind als personenbezogene Daten zu betrachten. Dazu geh\u00f6ren Vor- und Nachname, Alter, Postanschrift, E-Mail-Adresse, Standort des Nutzers oder seine IP-Adresse;\u2022 Welche [&hellip;]<\/p>\n","protected":false},"author":131,"featured_media":0,"parent":0,"menu_order":0,"comment_status":"closed","ping_status":"closed","template":"","meta":{"_uag_custom_page_level_css":"","advgb_blocks_editor_width":"","advgb_blocks_columns_visual_guide":"","_monsterinsights_skip_tracking":false,"_monsterinsights_sitenote_active":false,"_monsterinsights_sitenote_note":"","_monsterinsights_sitenote_category":0,"site-sidebar-layout":"no-sidebar","site-content-layout":"default","ast-site-content-layout":"default","site-content-style":"default","site-sidebar-style":"default","ast-global-header-display":"","ast-banner-title-visibility":"","ast-main-header-display":"","ast-hfb-above-header-display":"","ast-hfb-below-header-display":"","ast-hfb-mobile-header-display":"","site-post-title":"","ast-breadcrumbs-content":"","ast-featured-img":"","footer-sml-layout":"","ast-disable-related-posts":"","theme-transparent-header-meta":"default","adv-header-id-meta":"","stick-header-meta":"enabled","header-above-stick-meta":"","header-main-stick-meta":"disabled","header-below-stick-meta":"","astra-migrate-meta-layouts":"set","ast-page-background-enabled":"default","ast-page-background-meta":{"desktop":{"background-color":"","background-image":"","background-repeat":"repeat","background-position":"center center","background-size":"auto","background-attachment":"scroll","background-type":"","background-media":"","overlay-type":"","overlay-color":"","overlay-opacity":"","overlay-gradient":""},"tablet":{"background-color":"","background-image":"","background-repeat":"repeat","background-position":"center center","background-size":"auto","background-attachment":"scroll","background-type":"","background-media":"","overlay-type":"","overlay-color":"","overlay-opacity":"","overlay-gradient":""},"mobile":{"background-color":"","background-image":"","background-repeat":"repeat","background-position":"center center","background-size":"auto","background-attachment":"scroll","background-type":"","background-media":"","overlay-type":"","overlay-color":"","overlay-opacity":"","overlay-gradient":""}},"ast-content-background-meta":{"desktop":{"background-color":"var(--ast-global-color-5)","background-image":"","background-repeat":"repeat","background-position":"center center","background-size":"auto","background-attachment":"scroll","background-type":"","background-media":"","overlay-type":"","overlay-color":"","overlay-opacity":"","overlay-gradient":""},"tablet":{"background-color":"var(--ast-global-color-5)","background-image":"","background-repeat":"repeat","background-position":"center center","background-size":"auto","background-attachment":"scroll","background-type":"","background-media":"","overlay-type":"","overlay-color":"","overlay-opacity":"","overlay-gradient":""},"mobile":{"background-color":"var(--ast-global-color-5)","background-image":"","background-repeat":"repeat","background-position":"center center","background-size":"auto","background-attachment":"scroll","background-type":"","background-media":"","overlay-type":"","overlay-color":"","overlay-opacity":"","overlay-gradient":""}},"footnotes":""},"class_list":["post-13889","page","type-page","status-publish","hentry"],"uagb_featured_image_src":{"full":false,"thumbnail":false,"medium":false,"medium_large":false,"large":false,"thumblist":false,"thumbrelated":false,"meccarouselthumb":false,"gridsquare":false,"tileview":false,"1536x1536":false,"2048x2048":false,"woocommerce_thumbnail":false,"woocommerce_single":false,"woocommerce_gallery_thumbnail":false},"uagb_author_info":{"display_name":"BIECHY Ralph","author_link":"https:\/\/www.vin-alsace-gueth.com\/de\/author\/wasa068gmail-com\/"},"uagb_comment_info":0,"uagb_excerpt":"1. Pr\u00e4ambel Der Zweck dieser Datenschutzrichtlinie besteht darin, die Benutzer der Website zu entlarven :\u2022 Die Art und Weise, wie ihre personenbezogenen Daten erhoben und verarbeitet werden. Alle Daten, die einen Nutzer identifizieren k\u00f6nnen, sind als personenbezogene Daten zu betrachten. Dazu geh\u00f6ren Vor- und Nachname, Alter, Postanschrift, E-Mail-Adresse, Standort des Nutzers oder seine IP-Adresse;\u2022 Welche&hellip;","coauthors":[],"author_meta":{"author_link":"https:\/\/www.vin-alsace-gueth.com\/de\/author\/wasa068gmail-com\/","display_name":"BIECHY Ralph"},"relative_dates":{"created":"Ver\u00f6ffentlicht 7\u00a0Jahren vor","modified":"Aktualisiert 2\u00a0Jahren vor"},"absolute_dates":{"created":"Ver\u00f6ffentlicht am 22. August 2019","modified":"Aktualisiert am 15. April 2024"},"absolute_dates_time":{"created":"Ver\u00f6ffentlicht am 22. August 2019 9:03","modified":"Aktualisiert am 15. April 2024 17:38"},"featured_img_caption":"","featured_img":false,"series_order":"","_links":{"self":[{"href":"https:\/\/www.vin-alsace-gueth.com\/de\/wp-json\/wp\/v2\/pages\/13889","targetHints":{"allow":["GET"]}}],"collection":[{"href":"https:\/\/www.vin-alsace-gueth.com\/de\/wp-json\/wp\/v2\/pages"}],"about":[{"href":"https:\/\/www.vin-alsace-gueth.com\/de\/wp-json\/wp\/v2\/types\/page"}],"author":[{"embeddable":true,"href":"https:\/\/www.vin-alsace-gueth.com\/de\/wp-json\/wp\/v2\/users\/131"}],"replies":[{"embeddable":true,"href":"https:\/\/www.vin-alsace-gueth.com\/de\/wp-json\/wp\/v2\/comments?post=13889"}],"version-history":[{"count":0,"href":"https:\/\/www.vin-alsace-gueth.com\/de\/wp-json\/wp\/v2\/pages\/13889\/revisions"}],"wp:attachment":[{"href":"https:\/\/www.vin-alsace-gueth.com\/de\/wp-json\/wp\/v2\/media?parent=13889"}],"curies":[{"name":"wp","href":"https:\/\/api.w.org\/{rel}","templated":true}]}}